{"id":8943,"date":"2017-11-26T23:34:04","date_gmt":"2017-11-26T22:34:04","guid":{"rendered":"http:\/\/klubmamgdynia.pl\/index.php\/produkt\/ikea-zestaw-do-karmienia-talerz-miska-kubek-2-lyzeczki\/"},"modified":"2026-04-29T22:53:14","modified_gmt":"2026-04-29T20:53:14","slug":"ikea-zestaw-do-karmienia-talerz-miska-kubek-2-lyzeczki","status":"publish","type":"product","link":"http:\/\/klubmamgdynia.pl\/index.php\/produkt\/ikea-zestaw-do-karmienia-talerz-miska-kubek-2-lyzeczki\/","title":{"rendered":"Ikea Zestaw Do Karmienia Talerz Miska Kubek 2 \u0141y\u017ceczki"},"content":{"rendered":"<p>Zestaw do karmienia dziecka marki Ikea to zbi\u00f3r produkt\u00f3w z kolekcji Smagli oraz Borja wykonanych z nieszkodliwego tworzywa. Materia\u0142u u\u017cywanego do produkcji butelek dla niemowl\u0105t, pieluszek jednorazowych i pojemnik\u00f3w na \u017cywno\u015b\u0107.Mo\u017cna stosowa\u0107 w kuchence mikrofalowej oraz my\u0107 w zmywarce (do 70 stopni).W sk\u0142ad zestawu wchodzi:Kubek dzieci\u0119cyTalerzMiska2 \u0142y\u017ceczkiKubek dzieci\u0119cy u\u0142atwia dziecku samodzielne trzymanie i picie, poniewa\u017c ma dzi\u00f3bek i dwa du\u017ce uchwyty. Dzi\u0119ki przezroczystemu plastikowi, mo\u017cna zobaczy\u0107 ile napoju pozosta\u0142o w kubku. Nie musisz si\u0119 martwi\u0107 o zalanie i ba\u0142agan, poniewa\u017c pokrywka jest \u015bci\u015ble dopasowana, ale je\u015bli dziecko odwr\u00f3ci kubek do g\u00f3ry nogami, p\u0142yn mo\u017ce wyp\u0142ywa\u0107 przez dzi\u00f3bek.Talerz, miska zapobiegaj\u0105 rozlewaniu i u\u0142atwia ma\u0142ym dzieciom samodzielne jedzenie. Wysokie boki wygi\u0119te do \u015brodka sprawiaj\u0105, \u017ce jedzenie pozostaje wewn\u0105trz talerza.Ma\u0142a \u0142y\u017ceczka jest wygodna do trzymania dla dzieci, kiedy ucz\u0105 si\u0119 je\u015b\u0107 samodzielnie. Du\u017ca \u0142y\u017ceczka ma d\u0142ugi uchwyt, co u\u0142atwia wyjmowanie jedzenia ze s\u0142oiczka podczas karmienia dziecka.Specyfikacja:Pojemno\u015b\u0107 kubka: 200 ml\u015arednica miski: 13 cm\u015arednica talerza: 16 cmD\u0142ugo\u015b\u0107 \u0142y\u017ceczek: 13,16 cmCa\u0142y zestaw jest zalecany dla dzieci od momentu ich urodzenia.Materia\u0142y zdj\u0119ciowe oraz informacje dot. specyfikacji s\u0105 wy\u0142\u0105czn\u0105 w\u0142asno\u015bci\u0105 firmy Ikea.<\/p>\n<h2>Ikea Zestaw Do Karmienia Talerz Miska Kubek 2 \u0141y\u017ceczki Ikea<\/h2>\n<p>origami dla dzieci, bajki dla dziewczynek, wroc\u0142aw dla dzieci, dobrej nocy i sza, hejka tu lenka quizy, dziecko cytaty, quiz o ro\u015blinach, ma\u0142y ksi\u0105\u017c\u0119 cytaty, bajka o miko\u0142aju do czytania, test z lektury pies kt\u00f3ry je\u017adzi\u0142 kolej\u0105, pisanki woskiem wzory<\/p>\n<p>yyyyy<\/p>\n<p>&nbsp;<\/p>\n","protected":false},"excerpt":{"rendered":"<p>Zestaw do karmienia dziecka marki Ikea to zbi\u00f3r produkt\u00f3w z kolekcji Smagli oraz Borja wykonanych z nieszkodliwego tworzywa. Materia\u0142u u\u017cywanego do produkcji butelek dla niemowl\u0105t, pieluszek jednorazowych i pojemnik\u00f3w na \u017cywno\u015b\u0107.Mo\u017cna stosowa\u0107 w kuchence mikrofalowej oraz my\u0107 w zmywarce (do 70 stopni).W sk\u0142ad zestawu wchodzi:Kubek dzieci\u0119cyTalerzMiska2 \u0142y\u017ceczkiKubek dzieci\u0119cy u\u0142atwia dziecku samodzielne trzymanie i picie, poniewa\u017c [&hellip;]<\/p>\n","protected":false},"featured_media":8944,"comment_status":"closed","ping_status":"open","template":"","meta":[],"product_cat":[979,215],"product_tag":[754,609,586,581,788],"class_list":["post-8943","product","type-product","status-publish","has-post-thumbnail","hentry","product_cat-ikea","product_cat-naczynia-i-sztucce-dla-dzieci","product_tag-dyplomy-do-wydrukowania-a4","product_tag-quiz-flagi-europy","product_tag-smieszne-zagadki","product_tag-zagadki-dla-8-latka","product_tag-zagadki-krotkie"],"_links":{"self":[{"href":"http:\/\/klubmamgdynia.pl\/index.php\/wp-json\/wp\/v2\/product\/8943","targetHints":{"allow":["GET"]}}],"collection":[{"href":"http:\/\/klubmamgdynia.pl\/index.php\/wp-json\/wp\/v2\/product"}],"about":[{"href":"http:\/\/klubmamgdynia.pl\/index.php\/wp-json\/wp\/v2\/types\/product"}],"replies":[{"embeddable":true,"href":"http:\/\/klubmamgdynia.pl\/index.php\/wp-json\/wp\/v2\/comments?post=8943"}],"wp:featuredmedia":[{"embeddable":true,"href":"http:\/\/klubmamgdynia.pl\/index.php\/wp-json\/wp\/v2\/media\/8944"}],"wp:attachment":[{"href":"http:\/\/klubmamgdynia.pl\/index.php\/wp-json\/wp\/v2\/media?parent=8943"}],"wp:term":[{"taxonomy":"product_cat","embeddable":true,"href":"http:\/\/klubmamgdynia.pl\/index.php\/wp-json\/wp\/v2\/product_cat?post=8943"},{"taxonomy":"product_tag","embeddable":true,"href":"http:\/\/klubmamgdynia.pl\/index.php\/wp-json\/wp\/v2\/product_tag?post=8943"}],"curies":[{"name":"wp","href":"https:\/\/api.w.org\/{rel}","templated":true}]}}